{"version":"1.0","provider_name":"EMTEL - kardiomonitory, defibrylatory, profesjonalny serwis producenta","provider_url":"https:\/\/emtel.pl","author_name":"Katarzyna \u015aliwa","author_url":"https:\/\/emtel.pl\/index.php\/author\/ksliwa\/","title":"EMTEL na targach MEDICA w D\u00fcsseldorfie - EMTEL - kardiomonitory, defibrylatory, profesjonalny serwis producenta","type":"rich","width":600,"height":338,"html":"<blockquote class=\"wp-embedded-content\" data-secret=\"jTuOWx1X2T\"><a href=\"https:\/\/emtel.pl\/index.php\/emtel-na-targach-medica-w-dusseldorfie\/\">EMTEL na targach MEDICA w D\u00fcsseldorfie<\/a><\/blockquote><iframe sandbox=\"allow-scripts\" security=\"restricted\" src=\"https:\/\/emtel.pl\/index.php\/emtel-na-targach-medica-w-dusseldorfie\/embed\/#?secret=jTuOWx1X2T\" width=\"600\" height=\"338\" title=\"&#8222;EMTEL na targach MEDICA w D\u00fcsseldorfie&#8221; &#8212; EMTEL - kardiomonitory, defibrylatory, profesjonalny serwis producenta\" data-secret=\"jTuOWx1X2T\" frameborder=\"0\" marginwidth=\"0\" marginheight=\"0\" scrolling=\"no\" class=\"wp-embedded-content\"><\/iframe><script>\n\/*! This file is auto-generated *\/\n!function(d,l){\"use strict\";l.querySelector&&d.addEventListener&&\"undefined\"!=typeof URL&&(d.wp=d.wp||{},d.wp.receiveEmbedMessage||(d.wp.receiveEmbedMessage=function(e){var t=e.data;if((t||t.secret||t.message||t.value)&&!\/[^a-zA-Z0-9]\/.test(t.secret)){for(var s,r,n,a=l.querySelectorAll('iframe[data-secret=\"'+t.secret+'\"]'),o=l.querySelectorAll('blockquote[data-secret=\"'+t.secret+'\"]'),c=new RegExp(\"^https?:$\",\"i\"),i=0;i<o.length;i++)o[i].style.display=\"none\";for(i=0;i<a.length;i++)s=a[i],e.source===s.contentWindow&&(s.removeAttribute(\"style\"),\"height\"===t.message?(1e3<(r=parseInt(t.value,10))?r=1e3:~~r<200&&(r=200),s.height=r):\"link\"===t.message&&(r=new URL(s.getAttribute(\"src\")),n=new URL(t.value),c.test(n.protocol))&&n.host===r.host&&l.activeElement===s&&(d.top.location.href=t.value))}},d.addEventListener(\"message\",d.wp.receiveEmbedMessage,!1),l.addEventListener(\"DOMContentLoaded\",function(){for(var e,t,s=l.querySelectorAll(\"iframe.wp-embedded-content\"),r=0;r<s.length;r++)(t=(e=s[r]).getAttribute(\"data-secret\"))||(t=Math.random().toString(36).substring(2,12),e.src+=\"#?secret=\"+t,e.setAttribute(\"data-secret\",t)),e.contentWindow.postMessage({message:\"ready\",secret:t},\"*\")},!1)))}(window,document);\n\/\/# sourceURL=https:\/\/emtel.pl\/wp-includes\/js\/wp-embed.min.js\n<\/script>\n","description":"W tym roku najwi\u0119ksze i najwa\u017cniejsze w bran\u017cy medycznej targi odb\u0119d\u0105 si\u0119 w dniach 18-21 listopada. Firma Emtel, jak co roku, b\u0119dzie uczestniczy\u0107 w tym wydarzeniu jako wystawca. W ramach targ\u00f3w b\u0119dziemy prezentowa\u0107 nasze defibrylatory DefiMax oraz kardiomonitory serii FX 3000 wraz z monitorem przeno\u015bnym FX 3000P. Mi\u0119dzynarodowe targi MEDICA w D\u00fcsseldorfie od lat przyci\u0105gaj\u0105..."}