{"version":"1.0","provider_name":"EMTEL - kardiomonitory, defibrylatory, profesjonalny serwis producenta","provider_url":"https:\/\/emtel.pl","author_name":"hotmedia","author_url":"https:\/\/emtel.pl\/index.php\/author\/hotmedia\/","title":"XXV JUBILEUSZOWA MI\u0118DZYNARODOWA KONFERENCJA KARDIOLOGICZNA W ZABRZU - EMTEL - kardiomonitory, defibrylatory, profesjonalny serwis producenta","type":"rich","width":600,"height":338,"html":"<blockquote class=\"wp-embedded-content\" data-secret=\"ZTlKiQpK5O\"><a href=\"https:\/\/emtel.pl\/index.php\/xxv-jubileuszowa-miedzynarodowa-konferencja-kardiologiczna-w-zabrzu\/\">XXV JUBILEUSZOWA MI\u0118DZYNARODOWA KONFERENCJA KARDIOLOGICZNA W ZABRZU<\/a><\/blockquote><iframe sandbox=\"allow-scripts\" security=\"restricted\" src=\"https:\/\/emtel.pl\/index.php\/xxv-jubileuszowa-miedzynarodowa-konferencja-kardiologiczna-w-zabrzu\/embed\/#?secret=ZTlKiQpK5O\" width=\"600\" height=\"338\" title=\"&#8222;XXV JUBILEUSZOWA MI\u0118DZYNARODOWA KONFERENCJA KARDIOLOGICZNA W ZABRZU&#8221; &#8212; EMTEL - kardiomonitory, defibrylatory, profesjonalny serwis producenta\" data-secret=\"ZTlKiQpK5O\" frameborder=\"0\" marginwidth=\"0\" marginheight=\"0\" scrolling=\"no\" class=\"wp-embedded-content\"><\/iframe><script>\n\/*! This file is auto-generated *\/\n!function(d,l){\"use strict\";l.querySelector&&d.addEventListener&&\"undefined\"!=typeof URL&&(d.wp=d.wp||{},d.wp.receiveEmbedMessage||(d.wp.receiveEmbedMessage=function(e){var t=e.data;if((t||t.secret||t.message||t.value)&&!\/[^a-zA-Z0-9]\/.test(t.secret)){for(var s,r,n,a=l.querySelectorAll('iframe[data-secret=\"'+t.secret+'\"]'),o=l.querySelectorAll('blockquote[data-secret=\"'+t.secret+'\"]'),c=new RegExp(\"^https?:$\",\"i\"),i=0;i<o.length;i++)o[i].style.display=\"none\";for(i=0;i<a.length;i++)s=a[i],e.source===s.contentWindow&&(s.removeAttribute(\"style\"),\"height\"===t.message?(1e3<(r=parseInt(t.value,10))?r=1e3:~~r<200&&(r=200),s.height=r):\"link\"===t.message&&(r=new URL(s.getAttribute(\"src\")),n=new URL(t.value),c.test(n.protocol))&&n.host===r.host&&l.activeElement===s&&(d.top.location.href=t.value))}},d.addEventListener(\"message\",d.wp.receiveEmbedMessage,!1),l.addEventListener(\"DOMContentLoaded\",function(){for(var e,t,s=l.querySelectorAll(\"iframe.wp-embedded-content\"),r=0;r<s.length;r++)(t=(e=s[r]).getAttribute(\"data-secret\"))||(t=Math.random().toString(36).substring(2,12),e.src+=\"#?secret=\"+t,e.setAttribute(\"data-secret\",t)),e.contentWindow.postMessage({message:\"ready\",secret:t},\"*\")},!1)))}(window,document);\n\/\/# sourceURL=https:\/\/emtel.pl\/wp-includes\/js\/wp-embed.min.js\n<\/script>\n","description":"Wsz\u0119dzie tam, gdzie tematyka dotyka serca jest r\u00f3wnie\u017c firma EMTEL. Staramy si\u0119 uczestniczy\u0107 we wszystkich wa\u017cnych wydarzeniach daj\u0105cych wiedz\u0119, kt\u00f3ra pozwala potem uskutecznia\u0107 najlepsze rozwi\u0105zania w naszych urz\u0105dzeniach. W dniach 7-8 maja uczestniczyli\u015bmy w kolejnej XXV Jubileuszowej Mi\u0119dzynarodowej Konferencji Kardiologicznej w Zabrzu ?Post\u0119py w\u00a0rozpoznawaniu i\u00a0leczeniu chor\u00f3b serca, p\u0142uc i\u00a0naczy\u0144? pod patronatem \u015al\u0105skiego Uniwersytetu Medycznego oraz Polskiego Towarzystwa Kardio- i\u00a0Torakochirurg\u00f3w."}